{"id":837,"date":"2018-06-02T16:26:58","date_gmt":"2018-06-02T15:26:58","guid":{"rendered":"http:\/\/www.gruptecno.com\/?page_id=837"},"modified":"2024-02-23T18:54:09","modified_gmt":"2024-02-23T17:54:09","slug":"politica-de-privacidad","status":"publish","type":"page","link":"https:\/\/www.gruptecno.com\/fr\/politica-de-privacidad\/","title":{"rendered":"POLITIQUE DE CONFIDENTIALIT\u00c9 \/ AVIS L\u00c9GAL"},"content":{"rendered":"<p><strong>POLITIQUE DE CONFIDENTIALIT\u00c9 ET AVIS L\u00c9GAL<\/strong><\/p>\n<ol>\n<li><strong>POLITIQUE DE CONFIDENTIALIT\u00c9<\/strong><\/li>\n<\/ol>\n<p>Conform\u00e9ment au R\u00c8GLEMENT (UE) 2016\/679 DU PARLEMENT EUROP\u00c9EN ET DU CONSEIL du 27 avril 2016, relatif \u00e0 la protection des personnes physiques \u00e0 l&rsquo;\u00e9gard du traitement des donn\u00e9es \u00e0 caract\u00e8re personnel et \u00e0 la libre circulation de ces donn\u00e9es, et \u00e0 la Loi Organique 3\/2018, du 5 d\u00e9cembre, sur la Protection des Donn\u00e9es Personnelles et la garantie des droits num\u00e9riques, il est inform\u00e9 que les donn\u00e9es personnelles que vous avez fournies via le site Web <a href=\"https:\/\/www.gruptecno.com\/\" target=\"_new\" rel=\"noopener\">https:\/\/www.gruptecno.com\/<\/a> (ci-apr\u00e8s le site Web), seront trait\u00e9es dans les termes suivants :<\/p>\n<p><strong>Responsable du traitement<\/strong><\/p>\n<p>Les donn\u00e9es personnelles collect\u00e9es via ce site Web seront trait\u00e9es par GRUPTECNO, avec une adresse pour l&rsquo;exercice des droits \u00e0 SANTA CREU DE CALAFELL, 108, SANT BOI DE LLOBREGAT (08830) BARCELONA, ESPAGNE. Email : <a target=\"_new\" rel=\"noopener\">info@gruptecno.com<\/a><\/p>\n<p><strong>Finalit\u00e9s du traitement<\/strong><\/p>\n<p>Vous informer sur nos produits et services, lorsque vous en faites la demande via les formulaires du site Web ou par courrier \u00e9lectronique. R\u00e9pondre et g\u00e9rer vos demandes de renseignements, commentaires et suggestions, le cas \u00e9ch\u00e9ant. G\u00e9rer votre participation dans les processus de s\u00e9lection actuels et futurs, lorsque vous nous envoyez vos donn\u00e9es (y compris votre CV) \u00e0 cette fin. Afin d&rsquo;obtenir des informations sur l&rsquo;utilisation du site Web, le nombre de pages visit\u00e9es, le nombre de visites, ainsi que l&rsquo;activit\u00e9 des visiteurs et leur fr\u00e9quence d&rsquo;utilisation sont analys\u00e9s. \u00c0 ces fins, le RESPONSABLE utilise des informations statistiques fournies par le Fournisseur de Services Internet qui ne permettent pas d&rsquo;identifier l&rsquo;int\u00e9ress\u00e9 \u00e0 aucun moment.<\/p>\n<p><strong>L\u00e9gitimation<\/strong><\/p>\n<p>Consentement. Les donn\u00e9es personnelles obtenues via les formulaires du site Web seront trait\u00e9es uniquement sur la base du consentement accord\u00e9 par l&rsquo;int\u00e9ress\u00e9, par l&rsquo;acceptation de la case pr\u00e9vue \u00e0 cet effet. Ce consentement peut \u00eatre retir\u00e9 \u00e0 tout moment.<\/p>\n<p>Int\u00e9r\u00eat l\u00e9gitime du responsable. Les informations statistiques obtenues du site Web seront trait\u00e9es sur la base de l&rsquo;int\u00e9r\u00eat l\u00e9gitime du responsable. Ces informations ne permettent pas d&rsquo;identifier l&rsquo;utilisateur.<\/p>\n<p><strong>Destinataires<\/strong><\/p>\n<p>Les donn\u00e9es personnelles obtenues via le site Web ne seront pas communiqu\u00e9es \u00e0 des tiers, sauf obligation l\u00e9gale.<\/p>\n<p><strong>Conservation<\/strong><\/p>\n<p>Les donn\u00e9es personnelles fournies par l&rsquo;utilisateur pour recevoir des communications commerciales seront conserv\u00e9es tant que l&rsquo;int\u00e9ress\u00e9 ne demandera pas leur suppression ou ne retirera pas son consentement.<\/p>\n<p>Lorsque l&rsquo;utilisateur envoie ses donn\u00e9es personnelles pour participer aux processus de s\u00e9lection du RESPONSABLE, les donn\u00e9es seront trait\u00e9es pour participer aux processus de s\u00e9lection actuels, et si l&rsquo;utilisateur n&rsquo;est pas s\u00e9lectionn\u00e9, ses donn\u00e9es personnelles seront conserv\u00e9es pendant une p\u00e9riode de deux ans afin de pouvoir compter sur sa participation dans les futurs processus.<\/p>\n<p>Lorsque l&rsquo;utilisateur envoie ses donn\u00e9es pour contacter le RESPONSABLE, faire des demandes de renseignements ou des suggestions, les donn\u00e9es seront conserv\u00e9es aussi longtemps que n\u00e9cessaire \u00e0 cette fin et des responsabilit\u00e9s pouvant d\u00e9couler du traitement peuvent \u00eatre d\u00e9riv\u00e9es.<\/p>\n<p>Donn\u00e9es de trafic, statistiques et visites web : les donn\u00e9es seront conserv\u00e9es pendant une p\u00e9riode de trois ans.<\/p>\n<p><strong>Droits<\/strong><\/p>\n<p>Vous pouvez exercer vos droits d&rsquo;acc\u00e8s, de rectification, de suppression et de portabilit\u00e9 de vos donn\u00e9es, de limitation et d&rsquo;opposition \u00e0 leur traitement, en \u00e9crivant accompagn\u00e9 d&rsquo;un document officiel vous identifiant, adress\u00e9 \u00e0 GRUPTECNO, SANTA CREU DE CALAFELL, 108, SANT BOI DE LLOBREGAT (08830) BARCELONE, ESPAGNE. Email : <a target=\"_new\" rel=\"noopener\">info@gruptecno.com<\/a>. En cas de d\u00e9saccord avec le traitement, vous avez \u00e9galement le droit de d\u00e9poser une r\u00e9clamation aupr\u00e8s de l&rsquo;Agence Espagnole de Protection des Donn\u00e9es (<a href=\"http:\/\/www.aepd.es\/\" target=\"_new\" rel=\"noopener\">www.aepd.es<\/a>).<\/p>\n<p><strong>Politique de protection des mineurs<\/strong><\/p>\n<p>La personne fournissant des donn\u00e9es via les formulaires de ce site Web et acceptant leur traitement d\u00e9clare formellement \u00eatre \u00e2g\u00e9e de plus de 14 ans.<\/p>\n<p>L&rsquo;acc\u00e8s et l&rsquo;utilisation du portail sont interdits aux moins de 14 ans.<\/p>\n<p>Le RESPONSABLE rappelle aux adultes responsables de mineurs qu&rsquo;il sera de leur seule responsabilit\u00e9 si un mineur int\u00e8gre ses donn\u00e9es pour demander un produit.<\/p>\n<p>Il les informe \u00e9galement qu&rsquo;il existe des programmes informatiques pour limiter la navigation en filtrant ou en bloquant certains contenus.<\/p>\n<p><strong>Traitement D\u00e9riv\u00e9 de l&rsquo;Utilisation des R\u00e9seaux Sociaux<\/strong><\/p>\n<p>En suivant notre profil sur les r\u00e9seaux sociaux, vous consentez express\u00e9ment au traitement de vos donn\u00e9es personnelles conform\u00e9ment \u00e0 la politique de confidentialit\u00e9 du r\u00e9seau social correspondant. De m\u00eame, vous consentez express\u00e9ment \u00e0 ce que le RESPONSABLE acc\u00e8de au traitement de vos donn\u00e9es contenues dans votre profil et que les actualit\u00e9s publi\u00e9es sur tout produit du RESPONSABLE apparaissent sur votre mur. Votre demande de connexion implique n\u00e9cessairement votre consentement aux traitements indiqu\u00e9s, constituant cette base la base l\u00e9gale du traitement. Les donn\u00e9es seront conserv\u00e9es tant que l&rsquo;int\u00e9ress\u00e9 ne demande pas son opposition ou ne retire pas son consentement, pouvant le retirer \u00e0 tout moment.<\/p>\n<p>Les commentaires et contenus publi\u00e9s sur les r\u00e9seaux sociaux deviendront des informations publiques, les utilisateurs doivent donc \u00eatre particuli\u00e8rement prudents lorsqu&rsquo;ils d\u00e9cident de partager leurs informations personnelles. Le RESPONSABLE n&rsquo;est pas responsable des informations que les utilisateurs int\u00e8grent sur la page. Cependant, les personnes dont les donn\u00e9es personnelles sont publi\u00e9es ou incluses dans les commentaires peuvent demander au RESPONSABLE d&rsquo;annuler ces donn\u00e9es.<\/p>\n<p><strong>2.- AVIS L\u00c9GAL<\/strong><\/p>\n<p><strong>Identification<\/strong> Conform\u00e9ment au devoir d&rsquo;information stipul\u00e9 dans l&rsquo;article 10 de la Loi 34\/2002, du 11 juillet, sur les Services de la Soci\u00e9t\u00e9 de l&rsquo;Information et du Commerce \u00c9lectronique, PAPELES PARA LA ALIMENTACION, S.A., vous informe que les donn\u00e9es indiqu\u00e9es ici correspondent \u00e0 l&rsquo;entit\u00e9 propri\u00e9taire du site web <a href=\"https:\/\/www.gruptecno.com\/\" target=\"_new\" rel=\"noopener\">https:\/\/www.gruptecno.com\/<\/a><\/p>\n<p>D\u00e9nomination : PAPELES PARA LA ALIMENTACION, S.A., d\u00e9sormais GRUPTECNO.<\/p>\n<p>Adresse : SANTA CREU DE CALAFELL, 108, SANT BOI DE LLOBREGAT (08830) BARCELONA, ESPAGNE<\/p>\n<p>T\u00e9l\u00e9phone : 936307733 Email : <a target=\"_new\" rel=\"noopener\">info@gruptecno.com<\/a> NIF : A08947657 Inscription registrale : Registre du Commerce de Barcelone Tome 6305, Livre 5593, Section 2\u00aa, Feuille 105, Feuillet 74877, Inscription 1<\/p>\n<p><strong>Propri\u00e9t\u00e9 Intellectuelle et Industrielle<\/strong><\/p>\n<p>Tous les droits de Propri\u00e9t\u00e9 Industrielle et Intellectuelle de l&rsquo;ensemble des \u00e9l\u00e9ments contenus dans ce site web, y compris les marques commerciales, formats, conceptions graphiques, textes, images et documents, appartiennent \u00e0 GRUPTECNO et sont prot\u00e9g\u00e9s par les lois espagnoles et internationales sur la Propri\u00e9t\u00e9 Intellectuelle et Industrielle. La reproduction totale ou partielle de ce site web et de l&rsquo;un de ses contenus sans l&rsquo;autorisation expresse et \u00e9crite de GRUPTECNO est express\u00e9ment interdite.<\/p>\n<p>L&rsquo;acc\u00e8s au site web n&rsquo;implique aucun type de renonciation, transmission, licence ou cession de ces droits par GRUPTECNO, sauf mention expresse contraire.<\/p>\n<p><strong>Conditions d&rsquo;Utilisation<\/strong><\/p>\n<p>L&rsquo;acc\u00e8s \u00e0 ce site web implique l&rsquo;acceptation de ces conditions d&rsquo;utilisation sans r\u00e9serves, qui r\u00e9gulent l&rsquo;acc\u00e8s et l&rsquo;utilisation du site afin de mettre \u00e0 disposition des utilisateurs des informations sur nos produits.<\/p>\n<p>Il est express\u00e9ment interdit d&rsquo;utiliser les contenus de ce site web \u00e0 des fins commerciales ou pour leur distribution, transformation ou communication. GRUPTECNO ne sera pas responsable de toute cons\u00e9quence, dommage ou pr\u00e9judice qui pourrait d\u00e9couler de cette utilisation ou de l&rsquo;utilisation des informations.<\/p>\n<p>L&rsquo;acc\u00e8s \u00e0 ce site web ainsi que l&rsquo;utilisation des informations qu&rsquo;il contient sont de la responsabilit\u00e9 exclusive de l&rsquo;utilisateur.<\/p>\n<p>L&rsquo;utilisateur s&rsquo;engage \u00e0 ne pas utiliser les informations publi\u00e9es sur ce site web \u00e0 des fins ou effets ill\u00e9gaux ou nuisibles, \u00e0 ne pas endommager ou rendre inutilisable les informations, et \u00e0 ne pas effectuer toute autre action qui pourrait \u00eatre contraire au contenu de cet Avis L\u00e9gal.<\/p>\n<p>GRUPTECNO ne peut pas assurer l&rsquo;absence d&rsquo;interruptions ou d&rsquo;erreurs dans l&rsquo;acc\u00e8s \u00e0 ce site web, bien qu&rsquo;elle fera de son mieux pour les \u00e9viter.<\/p>\n<p><strong>Liens vers d&rsquo;Autres Sites Web<\/strong><\/p>\n<p>Les liens (links) que vous pouvez trouver sur ce site Web sont un service aux utilisateurs. Ces pages ne sont ni exploit\u00e9es ni contr\u00f4l\u00e9es par GRUPTECNO, par cons\u00e9quent, elle n&rsquo;est pas responsable des contenus de ces sites Web et ils ne sont pas couverts par le pr\u00e9sent Avis L\u00e9gal. Si vous acc\u00e9dez \u00e0 ces pages Web, vous devez tenir compte que leurs politiques de confidentialit\u00e9 peuvent \u00eatre diff\u00e9rentes de la n\u00f4tre.<\/p>\n<p><strong>L\u00e9gislation Applicable et Comp\u00e9tence Juridictionnelle<\/strong><\/p>\n<p>Cet Avis L\u00e9gal est r\u00e9gi par la r\u00e9glementation espagnole en vigueur qui lui est applicable.<\/p>\n<p>Pour la r\u00e9solution des litiges qui pourraient survenir en cons\u00e9quence des dispositions contenues dans les pr\u00e9sentes et de leur interpr\u00e9tation, application et ex\u00e9cution, l&rsquo;utilisateur, en vertu de l&rsquo;acceptation des conditions contenues dans cet Avis L\u00e9gal, renonce express\u00e9ment \u00e0 tout autre for juridique qui pourrait lui correspondre.<\/p>\n<p>Dans tous les cas, au sein de la juridiction espagnole, si la l\u00e9gislation permettait de se soumettre \u00e0 un for sp\u00e9cifique, l&rsquo;utilisateur renonce express\u00e9ment au for qui pourrait lui correspondre et se soumet volontairement \u00e0 la comp\u00e9tence des Tribunaux et Cours de BARCELONE.<\/p>","protected":false},"excerpt":{"rendered":"<p>POLITIQUE DE CONFIDENTIALIT\u00c9 ET AVIS L\u00c9GAL POLITIQUE DE CONFIDENTIALIT\u00c9 Conform\u00e9ment au R\u00c8GLEMENT (UE) 2016\/679 DU&#8230;<\/p>\n","protected":false},"author":1,"featured_media":0,"parent":0,"menu_order":0,"comment_status":"closed","ping_status":"closed","template":"","meta":{"footnotes":""},"yoast_head":"<!-- This site is optimized with the Yoast SEO plugin v14.2 - https:\/\/yoast.com\/wordpress\/plugins\/seo\/ -->\n<meta name=\"robots\" content=\"index, follow\" \/>\n<meta name=\"googlebot\" content=\"index, follow, max-snippet:-1, max-image-preview:large, max-video-preview:-1\" \/>\n<meta name=\"bingbot\" content=\"index, follow, max-snippet:-1, max-image-preview:large, max-video-preview:-1\" \/>\n<link rel=\"canonical\" href=\"https:\/\/www.gruptecno.com\/fr\/politica-de-privacidad\/\" \/>\n<meta property=\"og:locale\" content=\"fr_FR\" \/>\n<meta property=\"og:type\" content=\"article\" \/>\n<meta property=\"og:title\" content=\"POLITIQUE DE CONFIDENTIALIT\u00c9 \/ AVIS L\u00c9GAL - gruptecno.com\" \/>\n<meta property=\"og:description\" content=\"POLITIQUE DE CONFIDENTIALIT\u00c9 ET AVIS L\u00c9GAL POLITIQUE DE CONFIDENTIALIT\u00c9 Conform\u00e9ment au R\u00c8GLEMENT (UE) 2016\/679 DU...\" \/>\n<meta property=\"og:url\" content=\"https:\/\/www.gruptecno.com\/fr\/politica-de-privacidad\/\" \/>\n<meta property=\"og:site_name\" content=\"gruptecno.com\" \/>\n<meta property=\"article:modified_time\" content=\"2024-02-23T17:54:09+00:00\" \/>\n<meta name=\"twitter:card\" content=\"summary_large_image\" \/>\n<script type=\"application\/ld+json\" class=\"yoast-schema-graph\">{\"@context\":\"https:\/\/schema.org\",\"@graph\":[{\"@type\":\"WebSite\",\"@id\":\"https:\/\/www.gruptecno.com\/fr\/#website\",\"url\":\"https:\/\/www.gruptecno.com\/fr\/\",\"name\":\"gruptecno.com\",\"description\":\"Fabrication de papier dans le secteur de l&#039;alimentation\",\"potentialAction\":[{\"@type\":\"SearchAction\",\"target\":\"https:\/\/www.gruptecno.com\/fr\/?s={search_term_string}\",\"query-input\":\"required name=search_term_string\"}],\"inLanguage\":\"fr-FR\"},{\"@type\":\"WebPage\",\"@id\":\"https:\/\/www.gruptecno.com\/fr\/politica-de-privacidad\/#webpage\",\"url\":\"https:\/\/www.gruptecno.com\/fr\/politica-de-privacidad\/\",\"name\":\"POLITIQUE DE CONFIDENTIALIT\\u00c9 \/ AVIS L\\u00c9GAL - gruptecno.com\",\"isPartOf\":{\"@id\":\"https:\/\/www.gruptecno.com\/fr\/#website\"},\"datePublished\":\"2018-06-02T15:26:58+00:00\",\"dateModified\":\"2024-02-23T17:54:09+00:00\",\"inLanguage\":\"fr-FR\",\"potentialAction\":[{\"@type\":\"ReadAction\",\"target\":[[\"https:\/\/www.gruptecno.com\/fr\/politica-de-privacidad\/\"]]}]}]}<\/script>\n<!-- \/ Yoast SEO plugin. -->","_links":{"self":[{"href":"https:\/\/www.gruptecno.com\/fr\/wp-json\/wp\/v2\/pages\/837"}],"collection":[{"href":"https:\/\/www.gruptecno.com\/fr\/wp-json\/wp\/v2\/pages"}],"about":[{"href":"https:\/\/www.gruptecno.com\/fr\/wp-json\/wp\/v2\/types\/page"}],"author":[{"embeddable":true,"href":"https:\/\/www.gruptecno.com\/fr\/wp-json\/wp\/v2\/users\/1"}],"replies":[{"embeddable":true,"href":"https:\/\/www.gruptecno.com\/fr\/wp-json\/wp\/v2\/comments?post=837"}],"version-history":[{"count":5,"href":"https:\/\/www.gruptecno.com\/fr\/wp-json\/wp\/v2\/pages\/837\/revisions"}],"predecessor-version":[{"id":1044,"href":"https:\/\/www.gruptecno.com\/fr\/wp-json\/wp\/v2\/pages\/837\/revisions\/1044"}],"wp:attachment":[{"href":"https:\/\/www.gruptecno.com\/fr\/wp-json\/wp\/v2\/media?parent=837"}],"curies":[{"name":"wp","href":"https:\/\/api.w.org\/{rel}","templated":true}]}}