{"id":837,"date":"2018-06-02T16:26:58","date_gmt":"2018-06-02T15:26:58","guid":{"rendered":"http:\/\/www.gruptecno.com\/?page_id=837"},"modified":"2024-02-23T18:54:09","modified_gmt":"2024-02-23T17:54:09","slug":"politica-de-privacidad","status":"publish","type":"page","link":"https:\/\/www.gruptecno.com\/pt\/politica-de-privacidad\/","title":{"rendered":"POL\u00cdTICA DE PRIVACIDADE \/ AVISO LEGAL"},"content":{"rendered":"<p><strong>POL\u00cdTICA DE PRIVACIDADE E AVISO LEGAL<\/strong><\/p>\n<ol>\n<li><strong>POL\u00cdTICA DE PRIVACIDADE<\/strong><\/li>\n<\/ol>\n<p>Em conformidade com o REGULAMENTO (UE) 2016\/679 DO PARLAMENTO EUROPEU E DO CONSELHO de 27 de abril de 2016, relativo \u00e0 prote\u00e7\u00e3o de pessoas f\u00edsicas no que diz respeito ao tratamento de dados pessoais e \u00e0 livre circula\u00e7\u00e3o desses dados, e da Lei Org\u00e2nica 3\/2018, de 5 de dezembro, sobre a Prote\u00e7\u00e3o de Dados Pessoais e garantia dos direitos digitais, informa-se que os dados pessoais fornecidos por voc\u00ea atrav\u00e9s do site <a href=\"https:\/\/www.gruptecno.com\/\" target=\"_new\" rel=\"noopener\">https:\/\/www.gruptecno.com\/<\/a> (doravante o site), ser\u00e3o tratados nos seguintes termos:<\/p>\n<p><strong>Respons\u00e1vel pelo tratamento<\/strong><\/p>\n<p>Os dados pessoais coletados atrav\u00e9s deste site ser\u00e3o tratados por GRUPTECNO, com endere\u00e7o para o exerc\u00edcio de direitos em SANTA CREU DE CALAFELL, 108, SANT BOI DE LLOBREGAT (08830) BARCELONA, ESPANHA. E-mail: <a target=\"_new\" rel=\"noopener\">info@gruptecno.com<\/a><\/p>\n<p><strong>Finalidades do tratamento<\/strong><\/p>\n<p>Informar sobre nossos produtos e servi\u00e7os, quando solicitado atrav\u00e9s dos formul\u00e1rios do site ou por e-mail. Responder e gerir as suas consultas, coment\u00e1rios e sugest\u00f5es, se aplic\u00e1vel. Gerir a sua participa\u00e7\u00e3o em processos de sele\u00e7\u00e3o atuais e futuros, quando nos enviar os seus dados (incluindo o seu curr\u00edculo) para este fim. Com a finalidade de obter informa\u00e7\u00f5es sobre o uso do site, analisa-se o n\u00famero de p\u00e1ginas visitadas, o n\u00famero de visitas, bem como a atividade dos visitantes e sua frequ\u00eancia de utiliza\u00e7\u00e3o. Para estes fins, o RESPONS\u00c1VEL utiliza informa\u00e7\u00f5es estat\u00edsticas fornecidas pelo Provedor de Servi\u00e7os de Internet que n\u00e3o permitem identificar o interessado em nenhum momento.<\/p>\n<p><strong>Legitima\u00e7\u00e3o<\/strong><\/p>\n<p>Consentimento. Os dados pessoais obtidos atrav\u00e9s dos formul\u00e1rios do site ser\u00e3o tratados apenas com base no consentimento dado pelo interessado, atrav\u00e9s da aceita\u00e7\u00e3o da caixa disponibilizada para o efeito. Este consentimento pode ser retirado a qualquer momento.<\/p>\n<p>Interesse leg\u00edtimo do controlador. As informa\u00e7\u00f5es estat\u00edsticas obtidas no site ser\u00e3o processadas com base no interesse leg\u00edtimo do controlador. Esta informa\u00e7\u00e3o n\u00e3o permite a identifica\u00e7\u00e3o do utilizador.<\/p>\n<p><strong>Destinat\u00e1rios<\/strong><\/p>\n<p>Os dados pessoais obtidos atrav\u00e9s do site n\u00e3o ser\u00e3o comunicados a terceiros, salvo obriga\u00e7\u00f5es legais.<\/p>\n<p><strong>Conserva\u00e7\u00e3o<\/strong><\/p>\n<p>Os dados pessoais fornecidos pelo usu\u00e1rio para receber comunica\u00e7\u00f5es comerciais ser\u00e3o mantidos enquanto o interessado n\u00e3o solicitar a sua supress\u00e3o ou retirar o seu consentimento.<\/p>\n<p>Quando o usu\u00e1rio envia seus dados pessoais para participar nos processos de sele\u00e7\u00e3o do RESPONS\u00c1VEL, os dados ser\u00e3o tratados para participar nos processos de sele\u00e7\u00e3o atuais, e se n\u00e3o for selecionado, seus dados pessoais ser\u00e3o mantidos por um per\u00edodo de dois anos a fim de considerar a sua participa\u00e7\u00e3o em futuros processos.<\/p>\n<p>Quando o usu\u00e1rio envia seus dados para contactar o RESPONS\u00c1VEL, realizar consultas ou sugest\u00f5es, os dados ser\u00e3o mantidos enquanto for necess\u00e1rio para esse fim e podem derivar responsabilidades do tratamento.<\/p>\n<p>Dados de tr\u00e1fego, estat\u00edsticas e visitas web: os dados ser\u00e3o conservados por um per\u00edodo de tr\u00eas anos.<\/p>\n<p><strong>Direitos<\/strong><\/p>\n<p>Voc\u00ea pode exercer seus direitos de acesso, retifica\u00e7\u00e3o, elimina\u00e7\u00e3o e portabilidade dos seus dados, e de limita\u00e7\u00e3o e oposi\u00e7\u00e3o ao seu tratamento, por escrito acompanhado de um documento oficial que o identifique, endere\u00e7ado a GRUPTECNO, SANTA CREU DE CALAFELL, 108, SANT BOI DE LLOBREGAT (08830) BARCELONA, ESPANHA. E-mail: <a target=\"_new\" rel=\"noopener\">info@gruptecno.com<\/a>. Em caso de discord\u00e2ncia com o tratamento, tamb\u00e9m tem o direito de apresentar uma reclama\u00e7\u00e3o \u00e0 Ag\u00eancia Espanhola de Prote\u00e7\u00e3o de Dados (<a href=\"http:\/\/www.aepd.es\/\" target=\"_new\" rel=\"noopener\">www.aepd.es<\/a>).<\/p>\n<p><strong>Pol\u00edtica de Prote\u00e7\u00e3o de Menores<\/strong><\/p>\n<p>A pessoa que fornece dados atrav\u00e9s dos formul\u00e1rios deste site e aceita seu tratamento declara formalmente ser maior de 14 anos.<\/p>\n<p>\u00c9 proibido o acesso e uso do portal a menores de 14 anos.<\/p>\n<p>O RESPONS\u00c1VEL lembra aos adultos respons\u00e1veis por menores que ser\u00e1 de sua exclusiva responsabilidade se um menor incorporar seus dados para solicitar um produto.<\/p>\n<p>Tamb\u00e9m informa que existem programas de computador para limitar a navega\u00e7\u00e3o por meio do filtro ou bloqueio de determinados conte\u00fados.<\/p>\n<p><strong>Tratamento Derivado do Uso das Redes Sociais<\/strong><\/p>\n<p>Ao seguir nosso perfil nas redes sociais, voc\u00ea consente expressamente com o tratamento de seus dados pessoais de acordo com a pol\u00edtica de privacidade da rede social correspondente. Da mesma forma, voc\u00ea consente expressamente que o RESPONS\u00c1VEL acesse o tratamento de seus dados contidos em seu perfil e que as not\u00edcias publicadas sobre qualquer produto do RESPONS\u00c1VEL apare\u00e7am em seu mural. Seu pedido para se conectar implica necessariamente seu consentimento para os tratamentos indicados, sendo esta a base legal do tratamento. Os dados ser\u00e3o mantidos enquanto o interessado n\u00e3o solicitar sua oposi\u00e7\u00e3o ou retirar seu consentimento, podendo retir\u00e1-lo a qualquer momento.<\/p>\n<p>Coment\u00e1rios e conte\u00fados publicados nas redes sociais tornar-se-\u00e3o informa\u00e7\u00f5es p\u00fablicas, portanto, os usu\u00e1rios devem ter especial cuidado ao decidir compartilhar suas informa\u00e7\u00f5es pessoais. O RESPONS\u00c1VEL n\u00e3o \u00e9 respons\u00e1vel pelas informa\u00e7\u00f5es que os usu\u00e1rios incorporam na p\u00e1gina. No entanto, as pessoas cujos dados pessoais s\u00e3o publicados ou est\u00e3o inclu\u00eddos em coment\u00e1rios podem solicitar ao RESPONS\u00c1VEL o cancelamento dos mesmos.<\/p>\n<p><strong>2.- AVISO LEGAL<\/strong><\/p>\n<p><strong>Identifica\u00e7\u00e3o<\/strong> Em cumprimento do dever de informa\u00e7\u00e3o contido no artigo 10 da Lei 34\/2002, de 11 de julho, sobre Servi\u00e7os da Sociedade da Informa\u00e7\u00e3o e de Com\u00e9rcio Eletr\u00f3nico, PAPELES PARA LA ALIMENTACION, S.A., informa que os dados aqui listados correspondem \u00e0 entidade propriet\u00e1ria do site <a href=\"https:\/\/www.gruptecno.com\/\" target=\"_new\" rel=\"noopener\">https:\/\/www.gruptecno.com\/<\/a><\/p>\n<p>Denomina\u00e7\u00e3o: PAPELES PARA LA ALIMENTACION, S.A., doravante GRUPTECNO.<\/p>\n<p>Endere\u00e7o: SANTA CREU DE CALAFELL, 108, SANT BOI DE LLOBREGAT (08830) BARCELONA, ESPANHA<\/p>\n<p>Telefone: 936307733 Email: <a target=\"_new\" rel=\"noopener\">info@gruptecno.com<\/a> CIF: A08947657 Inscri\u00e7\u00e3o registral: Registro Comercial de Barcelona Tomo 6305, Livro 5593, Se\u00e7\u00e3o 2\u00aa, Folha 105, Ficha 74877, Inscri\u00e7\u00e3o 1<\/p>\n<p><strong>Propriedade Intelectual e Industrial<\/strong><\/p>\n<p>Todos os direitos de Propriedade Industrial e Intelectual de todos os elementos contidos neste site, incluindo marcas comerciais, formatos, desenhos gr\u00e1ficos, textos, imagens e documentos, pertencem a GRUPTECNO e est\u00e3o protegidos pelas leis espanholas e internacionais sobre Propriedade Intelectual e Industrial. \u00c9 expressamente proibida a reprodu\u00e7\u00e3o total ou parcial deste site e de qualquer um dos seus conte\u00fados sem a permiss\u00e3o expressa e escrita de GRUPTECNO.<\/p>\n<p>O acesso ao site n\u00e3o implica nenhum tipo de ren\u00fancia, transmiss\u00e3o, licen\u00e7a ou cess\u00e3o desses direitos por parte da GRUPTECNO, salvo declara\u00e7\u00e3o expressa em contr\u00e1rio.<\/p>\n<p><strong>Condi\u00e7\u00f5es de Uso<\/strong><\/p>\n<p>O acesso a este site implica a aceita\u00e7\u00e3o destas condi\u00e7\u00f5es de uso sem reservas, que regulam o acesso e a utiliza\u00e7\u00e3o do mesmo, com o objetivo de disponibilizar aos usu\u00e1rios informa\u00e7\u00f5es sobre nossos produtos.<\/p>\n<p>\u00c9 expressamente proibido utilizar os conte\u00fados deste site para fins comerciais ou para sua distribui\u00e7\u00e3o, transforma\u00e7\u00e3o ou comunica\u00e7\u00e3o. A GRUPTECNO n\u00e3o ser\u00e1 respons\u00e1vel por quaisquer consequ\u00eancias, danos ou preju\u00edzos que possam surgir dessa utiliza\u00e7\u00e3o ou uso das informa\u00e7\u00f5es.<\/p>\n<p>Tanto o acesso a este site quanto o uso das informa\u00e7\u00f5es nele contidas s\u00e3o de exclusiva responsabilidade do usu\u00e1rio.<\/p>\n<p>O usu\u00e1rio se compromete a n\u00e3o utilizar as informa\u00e7\u00f5es publicadas neste site para fins ou efeitos il\u00edcitos ou prejudiciais, a n\u00e3o danificar ou inutilizar as informa\u00e7\u00f5es e a n\u00e3o realizar qualquer outra a\u00e7\u00e3o que possa ser contr\u00e1ria ao conte\u00fado deste Aviso Legal.<\/p>\n<p>A GRUPTECNO n\u00e3o pode garantir a inexist\u00eancia de interrup\u00e7\u00f5es ou erros no acesso a este site, embora far\u00e1 seus maiores esfor\u00e7os para evit\u00e1-los.<\/p>\n<p><strong>Links para Outros Sites<\/strong><\/p>\n<p>Os links (links) que voc\u00ea pode encontrar neste site s\u00e3o um servi\u00e7o para os usu\u00e1rios. Estas p\u00e1ginas n\u00e3o s\u00e3o operadas ou controladas pela GRUPTECNO, portanto, ela n\u00e3o \u00e9 respons\u00e1vel pelos conte\u00fados desses sites nem est\u00e3o cobertas por este Aviso Legal. Se voc\u00ea acessar essas p\u00e1ginas da Web, deve levar em conta que suas pol\u00edticas de privacidade podem ser diferentes das nossas.<\/p>\n<p><strong>Legisla\u00e7\u00e3o Aplic\u00e1vel e Compet\u00eancia Jurisdicional<\/strong><\/p>\n<p>Este Aviso Legal \u00e9 regido pela legisla\u00e7\u00e3o espanhola vigente aplic\u00e1vel a ele.<\/p>\n<p>Para a resolu\u00e7\u00e3o de disputas que possam surgir em decorr\u00eancia das disposi\u00e7\u00f5es aqui estabelecidas e de sua interpreta\u00e7\u00e3o, aplica\u00e7\u00e3o e cumprimento, o usu\u00e1rio, em virtude da aceita\u00e7\u00e3o das condi\u00e7\u00f5es contidas neste Aviso Legal, renuncia expressamente a qualquer outra jurisdi\u00e7\u00e3o que possa corresponder a ele.<\/p>\n<p>Em qualquer caso, dentro da jurisdi\u00e7\u00e3o espanhola, se a legisla\u00e7\u00e3o permitisse submeter-se a um foro espec\u00edfico, o usu\u00e1rio renuncia expressamente ao foro que lhe possa corresponder e se submete voluntariamente \u00e0 jurisdi\u00e7\u00e3o dos Tribunais e Cortes de BARCELONA.<\/p>","protected":false},"excerpt":{"rendered":"<p>POL\u00cdTICA DE PRIVACIDADE E AVISO LEGAL POL\u00cdTICA DE PRIVACIDADE Em conformidade com o REGULAMENTO (UE)&#8230;<\/p>\n","protected":false},"author":1,"featured_media":0,"parent":0,"menu_order":0,"comment_status":"closed","ping_status":"closed","template":"","meta":{"footnotes":""},"yoast_head":"<!-- This site is optimized with the Yoast SEO plugin v14.2 - https:\/\/yoast.com\/wordpress\/plugins\/seo\/ -->\n<meta name=\"robots\" content=\"index, follow\" \/>\n<meta name=\"googlebot\" content=\"index, follow, max-snippet:-1, max-image-preview:large, max-video-preview:-1\" \/>\n<meta name=\"bingbot\" content=\"index, follow, max-snippet:-1, max-image-preview:large, max-video-preview:-1\" \/>\n<link rel=\"canonical\" href=\"https:\/\/www.gruptecno.com\/pt\/politica-de-privacidad\/\" \/>\n<meta property=\"og:locale\" content=\"pt_PT\" \/>\n<meta property=\"og:type\" content=\"article\" \/>\n<meta property=\"og:title\" content=\"POL\u00cdTICA DE PRIVACIDADE \/ AVISO LEGAL - gruptecno.com\" \/>\n<meta property=\"og:description\" content=\"POL\u00cdTICA DE PRIVACIDADE E AVISO LEGAL POL\u00cdTICA DE PRIVACIDADE Em conformidade com o REGULAMENTO (UE)...\" \/>\n<meta property=\"og:url\" content=\"https:\/\/www.gruptecno.com\/pt\/politica-de-privacidad\/\" \/>\n<meta property=\"og:site_name\" content=\"gruptecno.com\" \/>\n<meta property=\"article:modified_time\" content=\"2024-02-23T17:54:09+00:00\" \/>\n<meta name=\"twitter:card\" content=\"summary_large_image\" \/>\n<script type=\"application\/ld+json\" class=\"yoast-schema-graph\">{\"@context\":\"https:\/\/schema.org\",\"@graph\":[{\"@type\":\"WebSite\",\"@id\":\"https:\/\/www.gruptecno.com\/pt\/#website\",\"url\":\"https:\/\/www.gruptecno.com\/pt\/\",\"name\":\"gruptecno.com\",\"description\":\"Produ\\u00e7\\u00e3o de papel para o setor da alimenta\\u00e7\\u00e3o.\",\"potentialAction\":[{\"@type\":\"SearchAction\",\"target\":\"https:\/\/www.gruptecno.com\/pt\/?s={search_term_string}\",\"query-input\":\"required name=search_term_string\"}],\"inLanguage\":\"pt-PT\"},{\"@type\":\"WebPage\",\"@id\":\"https:\/\/www.gruptecno.com\/pt\/politica-de-privacidad\/#webpage\",\"url\":\"https:\/\/www.gruptecno.com\/pt\/politica-de-privacidad\/\",\"name\":\"POL\\u00cdTICA DE PRIVACIDADE \/ AVISO LEGAL - gruptecno.com\",\"isPartOf\":{\"@id\":\"https:\/\/www.gruptecno.com\/pt\/#website\"},\"datePublished\":\"2018-06-02T15:26:58+00:00\",\"dateModified\":\"2024-02-23T17:54:09+00:00\",\"inLanguage\":\"pt-PT\",\"potentialAction\":[{\"@type\":\"ReadAction\",\"target\":[[\"https:\/\/www.gruptecno.com\/pt\/politica-de-privacidad\/\"]]}]}]}<\/script>\n<!-- \/ Yoast SEO plugin. -->","_links":{"self":[{"href":"https:\/\/www.gruptecno.com\/pt\/wp-json\/wp\/v2\/pages\/837"}],"collection":[{"href":"https:\/\/www.gruptecno.com\/pt\/wp-json\/wp\/v2\/pages"}],"about":[{"href":"https:\/\/www.gruptecno.com\/pt\/wp-json\/wp\/v2\/types\/page"}],"author":[{"embeddable":true,"href":"https:\/\/www.gruptecno.com\/pt\/wp-json\/wp\/v2\/users\/1"}],"replies":[{"embeddable":true,"href":"https:\/\/www.gruptecno.com\/pt\/wp-json\/wp\/v2\/comments?post=837"}],"version-history":[{"count":5,"href":"https:\/\/www.gruptecno.com\/pt\/wp-json\/wp\/v2\/pages\/837\/revisions"}],"predecessor-version":[{"id":1044,"href":"https:\/\/www.gruptecno.com\/pt\/wp-json\/wp\/v2\/pages\/837\/revisions\/1044"}],"wp:attachment":[{"href":"https:\/\/www.gruptecno.com\/pt\/wp-json\/wp\/v2\/media?parent=837"}],"curies":[{"name":"wp","href":"https:\/\/api.w.org\/{rel}","templated":true}]}}